{"id":298,"date":"2015-09-17T13:37:00","date_gmt":"2015-09-17T13:37:00","guid":{"rendered":"http:\/\/djecjikranjcic.wordpress.com\/?page_id=1"},"modified":"2025-03-16T23:33:10","modified_gmt":"2025-03-16T22:33:10","slug":"o-nama","status":"publish","type":"page","link":"https:\/\/djecji.kranjcic.hr\/?page_id=298","title":{"rendered":"O natje\u010daju"},"content":{"rendered":"<p>Susret hrvatskoga dje\u010djega duhovnoga stvarala\u0161tva \u201eStjepan Kranj\u010di\u0107\u201d jedini je natje\u010daj za dje\u010dje duhovno knji\u017eevno i likovno stvarala\u0161tvo na nacionalnoj razini u Republici Hrvatskoj za djecu osnovnih \u0161kola. Nazvan je prema kri\u017eeva\u010dkom \u017eupniku na glasu svetosti Stjepanu Kranj\u010di\u0107u koji je i sam pisao knji\u017eevne radove katoli\u010dke tematike.<\/p>\n<p>Natje\u010daj su organizatori, <b>Osnovna \u0161kola Ljudevita Modeca<\/b> i\u00a0<b>Udruga za promicanje znamenitih Kri\u017eev\u010dana \u201eDr. Stjepan Kranj\u010di\u0107\u201d<\/b>, raspisali na krilima uspje\u0161noga natje\u010daja i knji\u017eevnoga susreta za duhovnu knji\u017eevnost na nacionalnoj razini za odrasle &#8211; Susreta hrvatskoga duhovnoga knji\u017eevnoga stvarala\u0161tva \u201eStjepan Kranj\u010di\u0107\u201d koji se u Kri\u017eevcima odr\u017eava od 2009. godine.<\/p>\n<p>Susret hrvatskoga dje\u010djega duhovnoga stvarala\u0161tva \u201eStjepan Kranj\u010di\u0107\u201d ima nakanu potaknuti stvaranje suvremenih dje\u010djih duhovnih knji\u017eevnih (poezija, proza, igrokazi) i likovnih radova protkanih kr\u0161\u0107anskim vrednotama.<\/p>\n<p>Na natje\u010daj, koji traje od sredine listopada do sredine prosinca, u proteklih se trinaest godina javilo <strong>4199\u00a0u\u010denika<\/strong> iz ukupno 280 \u0161kola s podru\u010dja cijele Republike Hrvatske sa <strong>2437 knji\u017eevnih i 2084 likovna rada<\/strong>. Najuspjeliji radovi objavljuju se u rasko\u0161nom zborniku te je u dosada\u0161njih pet zbornika <em>(Odrasla jutra, Izvor nade, Kov\u010deg skromnosti, Tvoja sam svije\u0107a, Vatra dominikanske rije\u010di, Za druge disati, \u010cuvarica srca mog, U\u010ditelju, gdje stanuje\u0161, Stijena mog \u017eivota, Ljepota se gleda o\u010dima srca, Potraga za pravedno\u0161\u0107u, Dom u srcu mom, \u0160kola hrabrosti)<\/em> objavljeno 759 knji\u017eevnih i 351 likovni rad, koje je odabralo stru\u010dno ocjenjiva\u010dko povjerenstvo.<\/p>\n<p>Na zavr\u0161noj sve\u010danosti Susreta, koja se odr\u017eava u travnju u Hrvatskome domu u Kri\u017eevcima, uz prisustvo velikog broja uzvanika otvara se izlo\u017eba likovnih radova, javno izvode najbolji knji\u017eevni radovi, predstavlja zbornik te nagra\u0111uju autori najboljih ostvarenja.<\/p>\n","protected":false},"excerpt":{"rendered":"<p>Susret hrvatskoga dje\u010djega duhovnoga stvarala\u0161tva \u201eStjepan Kranj\u010di\u0107\u201d jedini je natje\u010daj za dje\u010dje duhovno knji\u017eevno i likovno stvarala\u0161tvo na nacionalnoj razini u Republici Hrvatskoj za djecu osnovnih \u0161kola. Nazvan je prema kri\u017eeva\u010dkom \u017eupniku na glasu svetosti Stjepanu Kranj\u010di\u0107u koji je i sam pisao knji\u017eevne radove katoli\u010dke tematike. Natje\u010daj su organizatori, Osnovna \u0161kola Ljudevita Modeca i\u00a0Udruga za <a class=\"read-more\" href=\"https:\/\/djecji.kranjcic.hr\/?page_id=298\">Vi\u0161e<\/a><\/p>\n","protected":false},"author":1,"featured_media":0,"parent":0,"menu_order":1,"comment_status":"closed","ping_status":"closed","template":"","meta":{"footnotes":""},"class_list":["post-298","page","type-page","status-publish","hentry"],"jetpack_sharing_enabled":false,"_links":{"self":[{"href":"https:\/\/djecji.kranjcic.hr\/index.php?rest_route=\/wp\/v2\/pages\/298","targetHints":{"allow":["GET"]}}],"collection":[{"href":"https:\/\/djecji.kranjcic.hr\/index.php?rest_route=\/wp\/v2\/pages"}],"about":[{"href":"https:\/\/djecji.kranjcic.hr\/index.php?rest_route=\/wp\/v2\/types\/page"}],"author":[{"embeddable":true,"href":"https:\/\/djecji.kranjcic.hr\/index.php?rest_route=\/wp\/v2\/users\/1"}],"replies":[{"embeddable":true,"href":"https:\/\/djecji.kranjcic.hr\/index.php?rest_route=%2Fwp%2Fv2%2Fcomments&post=298"}],"version-history":[{"count":5,"href":"https:\/\/djecji.kranjcic.hr\/index.php?rest_route=\/wp\/v2\/pages\/298\/revisions"}],"predecessor-version":[{"id":820,"href":"https:\/\/djecji.kranjcic.hr\/index.php?rest_route=\/wp\/v2\/pages\/298\/revisions\/820"}],"wp:attachment":[{"href":"https:\/\/djecji.kranjcic.hr\/index.php?rest_route=%2Fwp%2Fv2%2Fmedia&parent=298"}],"curies":[{"name":"wp","href":"https:\/\/api.w.org\/{rel}","templated":true}]}}